{"id":1039,"date":"2018-11-20T21:34:28","date_gmt":"2018-11-20T20:34:28","guid":{"rendered":"http:\/\/veramunro.com\/?page_id=1039"},"modified":"2025-08-27T11:21:11","modified_gmt":"2025-08-27T09:21:11","slug":"exhibitions","status":"publish","type":"page","link":"https:\/\/veramunro.com\/?page_id=1039","title":{"rendered":"EXHIBITIONS"},"content":{"rendered":"<p>[et_pb_section fb_built=&#8221;1&#8243; _builder_version=&#8221;4.27.3&#8243; _module_preset=&#8221;default&#8221; locked=&#8221;off&#8221; global_colors_info=&#8221;{}&#8221; disabled_on=&#8221;on|on|on&#8221; disabled=&#8221;on&#8221;][et_pb_row column_structure=&#8221;3_5,2_5&#8243; disabled_on=&#8221;off|off|off&#8221; admin_label=&#8221;Agathe Bailliencourt &#8211; Reactance&#8221; _builder_version=&#8221;4.27.3&#8243; _module_preset=&#8221;default&#8221; link_option_url=&#8221;https:\/\/veramunro.com\/artists\/gerwald-rockenschaub\/&#8221; locked=&#8221;off&#8221; global_colors_info=&#8221;{}&#8221;][et_pb_column type=&#8221;3_5&#8243; _builder_version=&#8221;4.25.0&#8243; _module_preset=&#8221;default&#8221; global_colors_info=&#8221;{}&#8221;][et_pb_image src=&#8221;https:\/\/veramunro.com\/wp-content\/uploads\/2025\/07\/DSF1857_w.jpg&#8221; title_text=&#8221;_DSF1857_w&#8221; url=&#8221;https:\/\/veramunro.com\/artists\/gerwald-rockenschaub\/&#8221; admin_label=&#8221;Image De Bailliencourt&#8221; _builder_version=&#8221;4.27.3&#8243; _module_preset=&#8221;default&#8221; locked=&#8221;off&#8221; global_colors_info=&#8221;{}&#8221;][\/et_pb_image][\/et_pb_column][et_pb_column type=&#8221;2_5&#8243; _builder_version=&#8221;4.25.0&#8243; _module_preset=&#8221;default&#8221; global_colors_info=&#8221;{}&#8221;][et_pb_text admin_label=&#8221;Title and Info (de Bailliencourt)&#8221; _builder_version=&#8221;4.27.3&#8243; link_option_url=&#8221;https:\/\/veramunro.com\/artists\/gerwald-rockenschaub\/&#8221; z_index_tablet=&#8221;500&#8243; global_colors_info=&#8221;{}&#8221;]<\/p>\n<h4>AGATHE DE BAILLIENCOURT<br \/>\n<i>reactance<\/i><\/h4>\n<h5 style=\"text-align: left;\">11 September 2025 \u2014<br \/>\n29 November 2025<\/h5>\n<p>[\/et_pb_text][\/et_pb_column][\/et_pb_row][et_pb_row column_structure=&#8221;3_5,2_5&#8243; disabled_on=&#8221;off|off|off&#8221; admin_label=&#8221;Gerwald Rockenschaub &#8211; melody \/ transmitter&#8221; _builder_version=&#8221;4.27.3&#8243; _module_preset=&#8221;default&#8221; link_option_url=&#8221;https:\/\/veramunro.com\/artists\/gerwald-rockenschaub\/&#8221; locked=&#8221;off&#8221; global_colors_info=&#8221;{}&#8221;][et_pb_column type=&#8221;3_5&#8243; _builder_version=&#8221;4.25.0&#8243; _module_preset=&#8221;default&#8221; global_colors_info=&#8221;{}&#8221;][et_pb_image src=&#8221;https:\/\/veramunro.com\/wp-content\/uploads\/2025\/06\/Galerie-Vera-Munro_2025_Gerwald-Rockenschaub28.jpg&#8221; title_text=&#8221;Galerie Vera Munro_2025_Gerwald Rockenschaub28&#8243; url=&#8221;https:\/\/veramunro.com\/artists\/gerwald-rockenschaub\/&#8221; admin_label=&#8221;Image Rockenschaub&#8221; _builder_version=&#8221;4.27.3&#8243; _module_preset=&#8221;default&#8221; locked=&#8221;off&#8221; global_colors_info=&#8221;{}&#8221;][\/et_pb_image][\/et_pb_column][et_pb_column type=&#8221;2_5&#8243; _builder_version=&#8221;4.25.0&#8243; _module_preset=&#8221;default&#8221; global_colors_info=&#8221;{}&#8221;][et_pb_text admin_label=&#8221;Title and Info (Rockenschaub)&#8221; _builder_version=&#8221;4.27.3&#8243; link_option_url=&#8221;https:\/\/veramunro.com\/artists\/gerwald-rockenschaub\/&#8221; z_index_tablet=&#8221;500&#8243; global_colors_info=&#8221;{}&#8221;]<\/p>\n<h4>GERWALD ROCKENSCHAUB<br \/>\n<i>melody \/ transmitter<\/i><\/h4>\n<h5 style=\"text-align: left;\">7 May 2025 \u2014<br \/>\n31 Octobre 2025<\/h5>\n<p>[\/et_pb_text][\/et_pb_column][\/et_pb_row][et_pb_row column_structure=&#8221;3_5,2_5&#8243; disabled_on=&#8221;off|off|off&#8221; admin_label=&#8221;Janis Avotins &#8211; New Works&#8221; _builder_version=&#8221;4.27.3&#8243; _module_preset=&#8221;default&#8221; link_option_url=&#8221;https:\/\/veramunro.com\/artists\/janis-avotins\/&#8221; locked=&#8221;off&#8221; global_colors_info=&#8221;{}&#8221;][et_pb_column type=&#8221;3_5&#8243; _builder_version=&#8221;4.25.0&#8243; _module_preset=&#8221;default&#8221; global_colors_info=&#8221;{}&#8221;][et_pb_image src=&#8221;https:\/\/veramunro.com\/wp-content\/uploads\/2025\/05\/Galerie-Vera-Munro_2025_Janis-Avotins1-scaled.jpg&#8221; title_text=&#8221;Galerie Vera Munro_2025_Janis Avotins1&#8243; url=&#8221;https:\/\/veramunro.com\/artists\/janis-avotins\/&#8221; admin_label=&#8221;Image Janis&#8221; _builder_version=&#8221;4.27.3&#8243; _module_preset=&#8221;default&#8221; locked=&#8221;off&#8221; global_colors_info=&#8221;{}&#8221;][\/et_pb_image][\/et_pb_column][et_pb_column type=&#8221;2_5&#8243; _builder_version=&#8221;4.25.0&#8243; _module_preset=&#8221;default&#8221; global_colors_info=&#8221;{}&#8221;][et_pb_text admin_label=&#8221;Title and Info (Avotins)&#8221; _builder_version=&#8221;4.27.3&#8243; link_option_url=&#8221;https:\/\/veramunro.com\/artists\/janis-avotins\/&#8221; z_index_tablet=&#8221;500&#8243; global_colors_info=&#8221;{}&#8221;]<\/p>\n<h4>J\u0100NIS AVOTI\u0145\u0160<br \/>\n<i>New Works<\/i><\/h4>\n<h5 style=\"text-align: left;\">7 May 2025 \u2014<br \/>\n30 August 2025<\/h5>\n<p>[\/et_pb_text][\/et_pb_column][\/et_pb_row][et_pb_row column_structure=&#8221;3_5,2_5&#8243; disabled_on=&#8221;off|off|off&#8221; admin_label=&#8221;2OG&#8221; _builder_version=&#8221;4.27.3&#8243; _module_preset=&#8221;default&#8221; link_option_url=&#8221;https:\/\/veramunro.com\/artists\/kohei-nawa\/&#8221; locked=&#8221;off&#8221; global_colors_info=&#8221;{}&#8221;][et_pb_column type=&#8221;3_5&#8243; _builder_version=&#8221;4.25.0&#8243; _module_preset=&#8221;default&#8221; global_colors_info=&#8221;{}&#8221;][et_pb_image src=&#8221;https:\/\/veramunro.com\/wp-content\/uploads\/2024\/11\/DSF7248-2.jpg&#8221; title_text=&#8221;_DSF7248 2&#8243; url=&#8221;https:\/\/veramunro.com\/artists\/kohei-nawa\/&#8221; admin_label=&#8221;Image Kohei&#8221; _builder_version=&#8221;4.27.3&#8243; _module_preset=&#8221;default&#8221; locked=&#8221;off&#8221; global_colors_info=&#8221;{}&#8221;][\/et_pb_image][\/et_pb_column][et_pb_column type=&#8221;2_5&#8243; _builder_version=&#8221;4.25.0&#8243; _module_preset=&#8221;default&#8221; global_colors_info=&#8221;{}&#8221;][et_pb_text admin_label=&#8221;Title and Info (NAWA)&#8221; _builder_version=&#8221;4.27.3&#8243; link_option_url=&#8221;https:\/\/veramunro.com\/artists\/kohei-nawa\/&#8221; z_index_tablet=&#8221;500&#8243; global_colors_info=&#8221;{}&#8221;]<\/p>\n<h4><\/h4>\n<h4 style=\"text-align: left;\">KOHEI NAWA<br \/>\n<i>Soma<\/i><\/h4>\n<h5 style=\"text-align: left;\">14 November 2024 \u2014<br \/>\n26 April 2025<\/h5>\n<p>[\/et_pb_text][\/et_pb_column][\/et_pb_row][et_pb_row column_structure=&#8221;3_5,2_5&#8243; disabled_on=&#8221;off|off|off&#8221; admin_label=&#8221;Group Exhibition &#8211; Early Masterpieces II&#8221; _builder_version=&#8221;4.27.3&#8243; _module_preset=&#8221;default&#8221; locked=&#8221;off&#8221; global_colors_info=&#8221;{}&#8221;][et_pb_column type=&#8221;3_5&#8243; _builder_version=&#8221;4.25.0&#8243; _module_preset=&#8221;default&#8221; global_colors_info=&#8221;{}&#8221;][et_pb_image src=&#8221;https:\/\/veramunro.com\/wp-content\/uploads\/2024\/07\/DSF78802-scaled.jpg&#8221; title_text=&#8221;Early Masterpieces II, 2024&#8243; admin_label=&#8221;Image EMP&#8221; _builder_version=&#8221;4.27.3&#8243; _module_preset=&#8221;default&#8221; locked=&#8221;off&#8221; global_colors_info=&#8221;{}&#8221;][\/et_pb_image][\/et_pb_column][et_pb_column type=&#8221;2_5&#8243; _builder_version=&#8221;4.25.0&#8243; _module_preset=&#8221;default&#8221; global_colors_info=&#8221;{}&#8221;][et_pb_text disabled_on=&#8221;off|off|off&#8221; admin_label=&#8221;On view EG&#8221; _builder_version=&#8221;4.27.3&#8243; _module_preset=&#8221;default&#8221; header_line_height=&#8221;1.5em&#8221; transform_translate=&#8221;0px|25px&#8221; transform_translate_linked=&#8221;off&#8221; locked=&#8221;off&#8221; global_colors_info=&#8221;{}&#8221;]<\/p>\n<h4 style=\"text-align: left;\">Group Exhibition<br \/>\n<em>Early Masterpieces II<br \/>\n<\/em><\/h4>\n<h5 style=\"text-align: left;\">July \u2013<br \/>\n26 October 2024<\/h5>\n<p>&nbsp;<\/p>\n<h6 style=\"text-align: left;\">John M Armleder<\/h6>\n<h6 style=\"text-align: left;\">Silvia B\u00e4chli<\/h6>\n<h6 style=\"text-align: left;\">Jean Marc Bustamante<\/h6>\n<h6>Helmut Dorner<\/h6>\n<h6 style=\"text-align: left;\">G\u00fcnther F\u00f6rg<\/h6>\n<h6 style=\"text-align: left;\">Mary Heilmann<\/h6>\n<h6 style=\"text-align: left;\">Imi Knoebel<\/h6>\n<h6 style=\"text-align: left;\">Gerwald Rockenschaub<\/h6>\n<h6 style=\"text-align: left;\">Winston Roeth<\/h6>\n<p>&nbsp;<br \/>\n[\/et_pb_text][\/et_pb_column][\/et_pb_row][et_pb_row column_structure=&#8221;3_5,2_5&#8243; disabled_on=&#8221;off|off|off&#8221; admin_label=&#8221;Anne Laure Sacriste &#8211; Shades of green&#8221; _builder_version=&#8221;4.27.3&#8243; _module_preset=&#8221;default&#8221; link_option_url=&#8221;https:\/\/veramunro.com\/artists\/anne-laure-sacriste\/&#8221; locked=&#8221;off&#8221; global_colors_info=&#8221;{}&#8221;][et_pb_column type=&#8221;3_5&#8243; _builder_version=&#8221;4.25.0&#8243; _module_preset=&#8221;default&#8221; global_colors_info=&#8221;{}&#8221;][et_pb_image src=&#8221;https:\/\/veramunro.com\/wp-content\/uploads\/2024\/08\/2024-06-VM-Anne-Laure-Sacriste-Shades-of-green-30-digital.jpg&#8221; title_text=&#8221;Anne Laure Sacriste, Shades of green, 2024&#8243; url=&#8221;https:\/\/veramunro.com\/artists\/anne-laure-sacriste\/&#8221; admin_label=&#8221;Image Anne Laure&#8221; _builder_version=&#8221;4.27.3&#8243; _module_preset=&#8221;default&#8221; locked=&#8221;off&#8221; global_colors_info=&#8221;{}&#8221;][\/et_pb_image][\/et_pb_column][et_pb_column type=&#8221;2_5&#8243; _builder_version=&#8221;4.25.0&#8243; _module_preset=&#8221;default&#8221; global_colors_info=&#8221;{}&#8221;][et_pb_text admin_label=&#8221;ALS sog&#8221; _builder_version=&#8221;4.27.3&#8243; link_option_url=&#8221;https:\/\/veramunro.com\/artists\/anne-laure-sacriste\/&#8221; z_index_tablet=&#8221;500&#8243; global_colors_info=&#8221;{}&#8221;]<\/p>\n<h4 style=\"text-align: left;\"><a href=\"https:\/\/veramunro.com\/anne-laure-sacriste\/\">Anne Laure Sacriste<\/a><br \/>\n<i>Shades of green<\/i><\/h4>\n<h5 style=\"text-align: left;\">27 June \u2014<br \/>\n26 October 2024<\/h5>\n<p>[\/et_pb_text][\/et_pb_column][\/et_pb_row][et_pb_row column_structure=&#8221;3_5,2_5&#8243; _builder_version=&#8221;4.27.3&#8243; _module_preset=&#8221;default&#8221; link_option_url=&#8221;https:\/\/veramunro.com\/artists\/laura-carralero\/&#8221; locked=&#8221;off&#8221; global_colors_info=&#8221;{}&#8221;][et_pb_column type=&#8221;3_5&#8243; _builder_version=&#8221;4.25.0&#8243; _module_preset=&#8221;default&#8221; global_colors_info=&#8221;{}&#8221;][et_pb_image src=&#8221;https:\/\/veramunro.com\/wp-content\/uploads\/2024\/02\/DSF7492-scaled.jpg&#8221; title_text=&#8221;Laura Carralero&#8221; url=&#8221;https:\/\/veramunro.com\/artists\/laura-carralero\/&#8221; admin_label=&#8221;Image Laura&#8221; _builder_version=&#8221;4.27.3&#8243; _module_preset=&#8221;default&#8221; locked=&#8221;off&#8221; global_colors_info=&#8221;{}&#8221;][\/et_pb_image][\/et_pb_column][et_pb_column type=&#8221;2_5&#8243; _builder_version=&#8221;4.25.0&#8243; _module_preset=&#8221;default&#8221; global_colors_info=&#8221;{}&#8221;][et_pb_text admin_label=&#8221;Laura Carralero&#8221; _builder_version=&#8221;4.27.3&#8243; _module_preset=&#8221;default&#8221; link_option_url=&#8221;https:\/\/veramunro.com\/artists\/laura-carralero\/&#8221; locked=&#8221;off&#8221; global_colors_info=&#8221;{}&#8221;]<\/p>\n<h4 style=\"text-align: left;\"><a href=\"https:\/\/veramunro.com\/artists\/laura-carralero\/\">Laura Carralero<\/a><br \/>\n<a href=\"https:\/\/veramunro.com\/artists\/laura-carralero-selected-works\/\"><em>Veil<\/em><\/a><br \/>\n15 Feb &#8211; 31 Aug 2024<\/h4>\n<p>[\/et_pb_text][\/et_pb_column][\/et_pb_row][et_pb_row column_structure=&#8221;3_5,2_5&#8243; _builder_version=&#8221;4.27.3&#8243; _module_preset=&#8221;default&#8221; link_option_url=&#8221;https:\/\/veramunro.com\/artists\/paul-winstanley\/&#8221; locked=&#8221;off&#8221; global_colors_info=&#8221;{}&#8221;][et_pb_column type=&#8221;3_5&#8243; _builder_version=&#8221;4.25.0&#8243; _module_preset=&#8221;default&#8221; global_colors_info=&#8221;{}&#8221;][et_pb_image src=&#8221;https:\/\/veramunro.com\/wp-content\/uploads\/2023\/10\/DSF3179-scaled.jpg&#8221; title_text=&#8221;_DSF3179&#8243; url=&#8221;https:\/\/veramunro.com\/artists\/paul-winstanley\/&#8221; admin_label=&#8221;Image Paul Winstanley&#8221; _builder_version=&#8221;4.27.3&#8243; _module_preset=&#8221;default&#8221; locked=&#8221;off&#8221; global_colors_info=&#8221;{}&#8221;][\/et_pb_image][\/et_pb_column][et_pb_column type=&#8221;2_5&#8243; _builder_version=&#8221;4.25.0&#8243; _module_preset=&#8221;default&#8221; global_colors_info=&#8221;{}&#8221;][et_pb_text admin_label=&#8221;Paul Winstanley&#8221; _builder_version=&#8221;4.27.3&#8243; _module_preset=&#8221;default&#8221; link_option_url=&#8221;https:\/\/veramunro.com\/artists\/paul-winstanley\/&#8221; locked=&#8221;off&#8221; global_colors_info=&#8221;{}&#8221;]<\/p>\n<h4 style=\"text-align: left;\"><a href=\"https:\/\/veramunro.com\/artists\/paul-winstanley\/\">Paul Winstanley<\/a><br \/>\n<a href=\"https:\/\/veramunro.com\/artists\/paul-winstanley-exhibition-views\/\"><em>The Persistence of the Sublime<\/em><\/a><br \/>\n4 Oct 2023 &#8211; 1 Jun 2024<\/h4>\n<p>[\/et_pb_text][\/et_pb_column][\/et_pb_row][et_pb_row column_structure=&#8221;3_5,2_5&#8243; _builder_version=&#8221;4.27.3&#8243; _module_preset=&#8221;default&#8221; global_colors_info=&#8221;{}&#8221;][et_pb_column type=&#8221;3_5&#8243; _builder_version=&#8221;4.25.0&#8243; _module_preset=&#8221;default&#8221; global_colors_info=&#8221;{}&#8221;][et_pb_image src=&#8221;https:\/\/veramunro.com\/wp-content\/uploads\/2023\/07\/2w-scaled.jpg&#8221; title_text=&#8221;Jean-Marc Bustamante&#8221; force_fullwidth=&#8221;on&#8221; align_tablet=&#8221;center&#8221; align_phone=&#8221;&#8221; align_last_edited=&#8221;on|desktop&#8221; admin_label=&#8221;Image Early&#8221; _builder_version=&#8221;4.27.3&#8243; z_index_tablet=&#8221;500&#8243; global_colors_info=&#8221;{}&#8221;][\/et_pb_image][\/et_pb_column][et_pb_column type=&#8221;2_5&#8243; _builder_version=&#8221;4.25.0&#8243; _module_preset=&#8221;default&#8221; global_colors_info=&#8221;{}&#8221;][et_pb_text admin_label=&#8221;Text AUSSTELLUNGSTITEL Early Masterpieces&#8221; _builder_version=&#8221;4.27.3&#8243; z_index_tablet=&#8221;500&#8243; global_colors_info=&#8221;{}&#8221;]<\/p>\n<h4 style=\"text-align: left;\">Group exhibition<br \/>\nEarly Masterpieces<br \/>\n11 Jul &#8211; 29 Sep 2023<\/h4>\n<p>[\/et_pb_text][\/et_pb_column][\/et_pb_row][et_pb_row column_structure=&#8221;3_5,2_5&#8243; _builder_version=&#8221;4.27.3&#8243; _module_preset=&#8221;default&#8221; link_option_url=&#8221;https:\/\/veramunro.com\/artists\/janis-avotins\/&#8221; global_colors_info=&#8221;{}&#8221;][et_pb_column type=&#8221;3_5&#8243; _builder_version=&#8221;4.25.0&#8243; _module_preset=&#8221;default&#8221; global_colors_info=&#8221;{}&#8221;][et_pb_image src=&#8221;https:\/\/veramunro.com\/wp-content\/uploads\/2023\/05\/Avotins_neu-scaled.jpg&#8221; title_text=&#8221;Jean-Marc Bustamante&#8221; url=&#8221;https:\/\/veramunro.com\/artists\/janis-avotins\/&#8221; force_fullwidth=&#8221;on&#8221; align_tablet=&#8221;center&#8221; align_phone=&#8221;&#8221; align_last_edited=&#8221;on|desktop&#8221; admin_label=&#8221;Bild, Avotins&#8221; _builder_version=&#8221;4.27.3&#8243; z_index_tablet=&#8221;500&#8243; global_colors_info=&#8221;{}&#8221;][\/et_pb_image][\/et_pb_column][et_pb_column type=&#8221;2_5&#8243; _builder_version=&#8221;4.25.0&#8243; _module_preset=&#8221;default&#8221; global_colors_info=&#8221;{}&#8221;][et_pb_text admin_label=&#8221;Text AUSSTELLUNGSTITEL Avotins&#8221; _builder_version=&#8221;4.27.3&#8243; link_option_url=&#8221;https:\/\/veramunro.com\/artists\/janis-avotins\/&#8221; z_index_tablet=&#8221;500&#8243; global_colors_info=&#8221;{}&#8221;]<\/p>\n<h4>J\u0101nis Avoti\u0146\u0161<br \/>\n<i>New Works&#8230;<br \/>\n<\/i>28 Apr &#8211; 27 Aug 2023<\/h4>\n<p>[\/et_pb_text][\/et_pb_column][\/et_pb_row][et_pb_row column_structure=&#8221;3_5,2_5&#8243; _builder_version=&#8221;4.27.3&#8243; _module_preset=&#8221;default&#8221; link_option_url=&#8221;https:\/\/veramunro.com\/artists\/jean-marc-bustamante\/&#8221; global_colors_info=&#8221;{}&#8221;][et_pb_column type=&#8221;3_5&#8243; _builder_version=&#8221;4.25.0&#8243; _module_preset=&#8221;default&#8221; global_colors_info=&#8221;{}&#8221;][et_pb_image src=&#8221;https:\/\/veramunro.com\/wp-content\/uploads\/2022\/11\/DSF4422.jpg&#8221; title_text=&#8221;Jean-Marc Bustamante&#8221; url=&#8221;https:\/\/veramunro.com\/artists\/jean-marc-bustamante\/&#8221; force_fullwidth=&#8221;on&#8221; align_tablet=&#8221;center&#8221; align_phone=&#8221;&#8221; align_last_edited=&#8221;on|desktop&#8221; admin_label=&#8221;Bild, Bustamante&#8221; _builder_version=&#8221;4.27.3&#8243; z_index_tablet=&#8221;500&#8243; locked=&#8221;off&#8221; global_colors_info=&#8221;{}&#8221;][\/et_pb_image][\/et_pb_column][et_pb_column type=&#8221;2_5&#8243; _builder_version=&#8221;4.25.0&#8243; _module_preset=&#8221;default&#8221; global_colors_info=&#8221;{}&#8221;][et_pb_text admin_label=&#8221;Text AUSSTELLUNGSTITEL Bustamante&#8221; _builder_version=&#8221;4.27.3&#8243; link_option_url=&#8221;https:\/\/veramunro.com\/artists\/jean-marc-bustamante\/&#8221; z_index_tablet=&#8221;500&#8243; locked=&#8221;off&#8221; global_colors_info=&#8221;{}&#8221;]<\/p>\n<h4 style=\"text-align: left;\">Jean-Marc Bustamante<br \/>\n<i>Fishing for&#8230;<br \/>\n<\/i>15 Nov 2022 &#8211; 31 Jan 2023<\/h4>\n<p>[\/et_pb_text][\/et_pb_column][\/et_pb_row][et_pb_row column_structure=&#8221;3_5,2_5&#8243; _builder_version=&#8221;4.27.3&#8243; _module_preset=&#8221;default&#8221; global_colors_info=&#8221;{}&#8221;][et_pb_column type=&#8221;3_5&#8243; _builder_version=&#8221;4.25.0&#8243; _module_preset=&#8221;default&#8221; global_colors_info=&#8221;{}&#8221;][et_pb_image src=&#8221;https:\/\/veramunro.com\/wp-content\/uploads\/2022\/11\/DSF4312.jpg&#8221; title_text=&#8221;Talya Feldman&#8221; force_fullwidth=&#8221;on&#8221; align_tablet=&#8221;center&#8221; align_phone=&#8221;&#8221; align_last_edited=&#8221;on|desktop&#8221; admin_label=&#8221;Bild, Thalia&#8221; _builder_version=&#8221;4.27.3&#8243; z_index_tablet=&#8221;500&#8243; global_colors_info=&#8221;{}&#8221;][\/et_pb_image][\/et_pb_column][et_pb_column type=&#8221;2_5&#8243; _builder_version=&#8221;4.25.0&#8243; _module_preset=&#8221;default&#8221; global_colors_info=&#8221;{}&#8221;][et_pb_text admin_label=&#8221;Text AUSSTELLUNGSTITEL Feldman&#8221; _builder_version=&#8221;4.27.3&#8243; z_index_tablet=&#8221;500&#8243; global_colors_info=&#8221;{}&#8221;]<\/p>\n<h4>Talya Feldman<br \/>\n<i>Cut from Blue Sky<br \/>\n<\/i>15 Nov 2022 &#8211; 30 Mar 2023<\/h4>\n<p>[\/et_pb_text][\/et_pb_column][\/et_pb_row][et_pb_row column_structure=&#8221;3_5,2_5&#8243; _builder_version=&#8221;4.27.3&#8243; _module_preset=&#8221;default&#8221; link_option_url=&#8221;https:\/\/veramunro.com\/artists\/john-m-armleder\/&#8221; global_colors_info=&#8221;{}&#8221;][et_pb_column type=&#8221;3_5&#8243; _builder_version=&#8221;4.25.0&#8243; _module_preset=&#8221;default&#8221; global_colors_info=&#8221;{}&#8221;][et_pb_image src=&#8221;https:\/\/veramunro.com\/wp-content\/uploads\/2021\/05\/Arm071.jpg&#8221; url=&#8221;https:\/\/veramunro.com\/artists\/john-m-armleder\/&#8221; force_fullwidth=&#8221;on&#8221; align_tablet=&#8221;center&#8221; align_phone=&#8221;&#8221; align_last_edited=&#8221;on|desktop&#8221; admin_label=&#8221;Bild, Armleder&#8221; _builder_version=&#8221;4.27.3&#8243; z_index_tablet=&#8221;500&#8243; global_colors_info=&#8221;{}&#8221;][\/et_pb_image][\/et_pb_column][et_pb_column type=&#8221;2_5&#8243; _builder_version=&#8221;4.25.0&#8243; _module_preset=&#8221;default&#8221; global_colors_info=&#8221;{}&#8221;][et_pb_text admin_label=&#8221;Text AUSSTELLLUNGSTITEL Armleder&#8221; _builder_version=&#8221;4.27.3&#8243; link_option_url=&#8221;https:\/\/veramunro.com\/artists\/john-m-armleder\/&#8221; z_index_tablet=&#8221;500&#8243; global_colors_info=&#8221;{}&#8221;]<\/p>\n<h4>John M. Armleder<br \/>\n<i>God Is in the Details<br \/>\n<\/i>28 Jun &#8211; 30 Oct 2021<\/h4>\n<p>[\/et_pb_text][\/et_pb_column][\/et_pb_row][et_pb_row column_structure=&#8221;3_5,2_5&#8243; _builder_version=&#8221;4.27.3&#8243; _module_preset=&#8221;default&#8221; link_option_url=&#8221;https:\/\/veramunro.com\/artists\/anne-laure-sacriste\/&#8221; global_colors_info=&#8221;{}&#8221;][et_pb_column type=&#8221;3_5&#8243; _builder_version=&#8221;4.25.0&#8243; _module_preset=&#8221;default&#8221; global_colors_info=&#8221;{}&#8221;][et_pb_image src=&#8221;https:\/\/veramunro.com\/wp-content\/uploads\/2021\/06\/TITEL.jpg&#8221; url=&#8221;https:\/\/veramunro.com\/artists\/anne-laure-sacriste\/&#8221; force_fullwidth=&#8221;on&#8221; align_tablet=&#8221;center&#8221; align_phone=&#8221;&#8221; align_last_edited=&#8221;on|desktop&#8221; admin_label=&#8221;Bild, Anne Laure Sacriste&#8221; _builder_version=&#8221;4.27.3&#8243; z_index_tablet=&#8221;500&#8243; global_colors_info=&#8221;{}&#8221;][\/et_pb_image][\/et_pb_column][et_pb_column type=&#8221;2_5&#8243; _builder_version=&#8221;4.25.0&#8243; _module_preset=&#8221;default&#8221; global_colors_info=&#8221;{}&#8221;][et_pb_text admin_label=&#8221;Text AUSSTELLLUNGSTITEL Sacriste&#8221; _builder_version=&#8221;4.27.3&#8243; link_option_url=&#8221;https:\/\/veramunro.com\/artists\/anne-laure-sacriste\/&#8221; z_index_tablet=&#8221;500&#8243; global_colors_info=&#8221;{}&#8221;]<\/p>\n<h4>Anne Laure Sacriste<br \/>\n<i>WABI-SABI<br \/>\n<\/i>28 Jun &#8211; 24 Jul 2021<\/h4>\n<p>[\/et_pb_text][\/et_pb_column][\/et_pb_row][et_pb_row column_structure=&#8221;3_5,2_5&#8243; _builder_version=&#8221;4.27.3&#8243; _module_preset=&#8221;default&#8221; global_colors_info=&#8221;{}&#8221;][et_pb_column type=&#8221;3_5&#8243; _builder_version=&#8221;4.25.0&#8243; _module_preset=&#8221;default&#8221; global_colors_info=&#8221;{}&#8221;][et_pb_image src=&#8221;https:\/\/veramunro.com\/wp-content\/uploads\/2020\/04\/DSF0439xgro\u00df.jpg&#8221; title_text=&#8221;Laura Carralero&#8221; admin_label=&#8221;Image Trockel&#8221; _builder_version=&#8221;4.27.3&#8243; _module_preset=&#8221;default&#8221; locked=&#8221;off&#8221; global_colors_info=&#8221;{}&#8221;][\/et_pb_image][\/et_pb_column][et_pb_column type=&#8221;2_5&#8243; _builder_version=&#8221;4.25.0&#8243; _module_preset=&#8221;default&#8221; global_colors_info=&#8221;{}&#8221;][et_pb_text admin_label=&#8221;Text AUSSTELLUNGSTITEL Trockel&#8221; _builder_version=&#8221;4.27.3&#8243; z_index_tablet=&#8221;500&#8243; global_colors_info=&#8221;{}&#8221;]<\/p>\n<h4>Rosemarie Trockel<br \/>\n<em>A gift of my Parents<br \/>\n<\/em>7 May 2020 &#8211; 31 Jan 2021<\/h4>\n<p>[\/et_pb_text][\/et_pb_column][\/et_pb_row][\/et_pb_section]<\/p>\n","protected":false},"excerpt":{"rendered":"<p>AGATHE DE BAILLIENCOURT reactance 11 September 2025 \u2014 29 November 2025 GERWALD ROCKENSCHAUB melody \/ transmitter 7 May 2025 \u2014 31 Octobre 2025 J\u0100NIS AVOTI\u0145\u0160 New Works 7 May 2025 \u2014 30 August 2025 KOHEI NAWA Soma 14 November 2024 \u2014 26 April 2025 Group Exhibition Early Masterpieces II July \u2013 26 October 2024 &nbsp; [&hellip;]<\/p>\n","protected":false},"author":1,"featured_media":0,"parent":0,"menu_order":200,"comment_status":"closed","ping_status":"closed","template":"","meta":{"_et_pb_use_builder":"on","_et_pb_old_content":"","_et_gb_content_width":"","footnotes":""},"class_list":["post-1039","page","type-page","status-publish","hentry"],"yoast_head":"<!-- This site is optimized with the Yoast SEO plugin v27.7 - https:\/\/yoast.com\/product\/yoast-seo-wordpress\/ -->\n<title>EXHIBITIONS &#8212; Vera Munro<\/title>\n<meta name=\"robots\" content=\"index, follow, max-snippet:-1, max-image-preview:large, max-video-preview:-1\" \/>\n<link rel=\"canonical\" href=\"https:\/\/veramunro.com\/?page_id=1039\" \/>\n<meta property=\"og:locale\" content=\"en_GB\" \/>\n<meta property=\"og:type\" content=\"article\" \/>\n<meta property=\"og:title\" content=\"EXHIBITIONS &#8212; Vera Munro\" \/>\n<meta property=\"og:description\" content=\"AGATHE DE BAILLIENCOURT reactance 11 September 2025 \u2014 29 November 2025 GERWALD ROCKENSCHAUB melody \/ transmitter 7 May 2025 \u2014 31 Octobre 2025 J\u0100NIS AVOTI\u0145\u0160 New Works 7 May 2025 \u2014 30 August 2025 KOHEI NAWA Soma 14 November 2024 \u2014 26 April 2025 Group Exhibition Early Masterpieces II July \u2013 26 October 2024 &nbsp; [&hellip;]\" \/>\n<meta property=\"og:url\" content=\"https:\/\/veramunro.com\/?page_id=1039\" \/>\n<meta property=\"og:site_name\" content=\"Vera Munro\" \/>\n<meta property=\"article:publisher\" content=\"https:\/\/www.facebook.com\/GalerieVeraMunro\/\" \/>\n<meta property=\"article:modified_time\" content=\"2025-08-27T09:21:11+00:00\" \/>\n<meta property=\"og:image\" content=\"https:\/\/veramunro.com\/wp-content\/uploads\/2024\/04\/DSF0027_editedklein-scaled.jpg\" \/>\n\t<meta property=\"og:image:width\" content=\"2560\" \/>\n\t<meta property=\"og:image:height\" content=\"1707\" \/>\n\t<meta property=\"og:image:type\" content=\"image\/jpeg\" \/>\n<meta name=\"twitter:card\" content=\"summary_large_image\" \/>\n<meta name=\"twitter:label1\" content=\"Estimated reading time\" \/>\n\t<meta name=\"twitter:data1\" content=\"4 minutes\" \/>\n<script type=\"application\/ld+json\" class=\"yoast-schema-graph\">{\"@context\":\"https:\\\/\\\/schema.org\",\"@graph\":[{\"@type\":\"WebPage\",\"@id\":\"https:\\\/\\\/veramunro.com\\\/?page_id=1039\",\"url\":\"https:\\\/\\\/veramunro.com\\\/?page_id=1039\",\"name\":\"EXHIBITIONS &#8212; Vera Munro\",\"isPartOf\":{\"@id\":\"https:\\\/\\\/veramunro.com\\\/#website\"},\"datePublished\":\"2018-11-20T20:34:28+00:00\",\"dateModified\":\"2025-08-27T09:21:11+00:00\",\"breadcrumb\":{\"@id\":\"https:\\\/\\\/veramunro.com\\\/?page_id=1039#breadcrumb\"},\"inLanguage\":\"en-GB\",\"potentialAction\":[{\"@type\":\"ReadAction\",\"target\":[\"https:\\\/\\\/veramunro.com\\\/?page_id=1039\"]}]},{\"@type\":\"BreadcrumbList\",\"@id\":\"https:\\\/\\\/veramunro.com\\\/?page_id=1039#breadcrumb\",\"itemListElement\":[{\"@type\":\"ListItem\",\"position\":1,\"name\":\"Home\",\"item\":\"https:\\\/\\\/veramunro.com\\\/\"},{\"@type\":\"ListItem\",\"position\":2,\"name\":\"EXHIBITIONS\"}]},{\"@type\":\"WebSite\",\"@id\":\"https:\\\/\\\/veramunro.com\\\/#website\",\"url\":\"https:\\\/\\\/veramunro.com\\\/\",\"name\":\"Vera Munro\",\"description\":\"Contemporary Art in Hamburg since 1977\",\"publisher\":{\"@id\":\"https:\\\/\\\/veramunro.com\\\/#organization\"},\"alternateName\":\"Galerie Vera Munro\",\"potentialAction\":[{\"@type\":\"SearchAction\",\"target\":{\"@type\":\"EntryPoint\",\"urlTemplate\":\"https:\\\/\\\/veramunro.com\\\/?s={search_term_string}\"},\"query-input\":{\"@type\":\"PropertyValueSpecification\",\"valueRequired\":true,\"valueName\":\"search_term_string\"}}],\"inLanguage\":\"en-GB\"},{\"@type\":\"Organization\",\"@id\":\"https:\\\/\\\/veramunro.com\\\/#organization\",\"name\":\"Galerie Vera Munro\",\"url\":\"https:\\\/\\\/veramunro.com\\\/\",\"logo\":{\"@type\":\"ImageObject\",\"inLanguage\":\"en-GB\",\"@id\":\"https:\\\/\\\/veramunro.com\\\/#\\\/schema\\\/logo\\\/image\\\/\",\"url\":\"https:\\\/\\\/veramunro.com\\\/wp-content\\\/uploads\\\/2022\\\/09\\\/Logo_klein_2-Kopie-2.jpg--scaled.jpg\",\"contentUrl\":\"https:\\\/\\\/veramunro.com\\\/wp-content\\\/uploads\\\/2022\\\/09\\\/Logo_klein_2-Kopie-2.jpg--scaled.jpg\",\"width\":2560,\"height\":529,\"caption\":\"Galerie Vera Munro\"},\"image\":{\"@id\":\"https:\\\/\\\/veramunro.com\\\/#\\\/schema\\\/logo\\\/image\\\/\"},\"sameAs\":[\"https:\\\/\\\/www.facebook.com\\\/GalerieVeraMunro\\\/\",\"https:\\\/\\\/www.instagram.com\\\/galerieveramunro\\\/\"]}]}<\/script>\n<!-- \/ Yoast SEO plugin. -->","yoast_head_json":{"title":"EXHIBITIONS &#8212; Vera Munro","robots":{"index":"index","follow":"follow","max-snippet":"max-snippet:-1","max-image-preview":"max-image-preview:large","max-video-preview":"max-video-preview:-1"},"canonical":"https:\/\/veramunro.com\/?page_id=1039","og_locale":"en_GB","og_type":"article","og_title":"EXHIBITIONS &#8212; Vera Munro","og_description":"AGATHE DE BAILLIENCOURT reactance 11 September 2025 \u2014 29 November 2025 GERWALD ROCKENSCHAUB melody \/ transmitter 7 May 2025 \u2014 31 Octobre 2025 J\u0100NIS AVOTI\u0145\u0160 New Works 7 May 2025 \u2014 30 August 2025 KOHEI NAWA Soma 14 November 2024 \u2014 26 April 2025 Group Exhibition Early Masterpieces II July \u2013 26 October 2024 &nbsp; [&hellip;]","og_url":"https:\/\/veramunro.com\/?page_id=1039","og_site_name":"Vera Munro","article_publisher":"https:\/\/www.facebook.com\/GalerieVeraMunro\/","article_modified_time":"2025-08-27T09:21:11+00:00","og_image":[{"width":2560,"height":1707,"url":"https:\/\/veramunro.com\/wp-content\/uploads\/2024\/04\/DSF0027_editedklein-scaled.jpg","type":"image\/jpeg"}],"twitter_card":"summary_large_image","twitter_misc":{"Estimated reading time":"4 minutes"},"schema":{"@context":"https:\/\/schema.org","@graph":[{"@type":"WebPage","@id":"https:\/\/veramunro.com\/?page_id=1039","url":"https:\/\/veramunro.com\/?page_id=1039","name":"EXHIBITIONS &#8212; Vera Munro","isPartOf":{"@id":"https:\/\/veramunro.com\/#website"},"datePublished":"2018-11-20T20:34:28+00:00","dateModified":"2025-08-27T09:21:11+00:00","breadcrumb":{"@id":"https:\/\/veramunro.com\/?page_id=1039#breadcrumb"},"inLanguage":"en-GB","potentialAction":[{"@type":"ReadAction","target":["https:\/\/veramunro.com\/?page_id=1039"]}]},{"@type":"BreadcrumbList","@id":"https:\/\/veramunro.com\/?page_id=1039#breadcrumb","itemListElement":[{"@type":"ListItem","position":1,"name":"Home","item":"https:\/\/veramunro.com\/"},{"@type":"ListItem","position":2,"name":"EXHIBITIONS"}]},{"@type":"WebSite","@id":"https:\/\/veramunro.com\/#website","url":"https:\/\/veramunro.com\/","name":"Vera Munro","description":"Contemporary Art in Hamburg since 1977","publisher":{"@id":"https:\/\/veramunro.com\/#organization"},"alternateName":"Galerie Vera Munro","potentialAction":[{"@type":"SearchAction","target":{"@type":"EntryPoint","urlTemplate":"https:\/\/veramunro.com\/?s={search_term_string}"},"query-input":{"@type":"PropertyValueSpecification","valueRequired":true,"valueName":"search_term_string"}}],"inLanguage":"en-GB"},{"@type":"Organization","@id":"https:\/\/veramunro.com\/#organization","name":"Galerie Vera Munro","url":"https:\/\/veramunro.com\/","logo":{"@type":"ImageObject","inLanguage":"en-GB","@id":"https:\/\/veramunro.com\/#\/schema\/logo\/image\/","url":"https:\/\/veramunro.com\/wp-content\/uploads\/2022\/09\/Logo_klein_2-Kopie-2.jpg--scaled.jpg","contentUrl":"https:\/\/veramunro.com\/wp-content\/uploads\/2022\/09\/Logo_klein_2-Kopie-2.jpg--scaled.jpg","width":2560,"height":529,"caption":"Galerie Vera Munro"},"image":{"@id":"https:\/\/veramunro.com\/#\/schema\/logo\/image\/"},"sameAs":["https:\/\/www.facebook.com\/GalerieVeraMunro\/","https:\/\/www.instagram.com\/galerieveramunro\/"]}]}},"_links":{"self":[{"href":"https:\/\/veramunro.com\/index.php?rest_route=\/wp\/v2\/pages\/1039","targetHints":{"allow":["GET"]}}],"collection":[{"href":"https:\/\/veramunro.com\/index.php?rest_route=\/wp\/v2\/pages"}],"about":[{"href":"https:\/\/veramunro.com\/index.php?rest_route=\/wp\/v2\/types\/page"}],"author":[{"embeddable":true,"href":"https:\/\/veramunro.com\/index.php?rest_route=\/wp\/v2\/users\/1"}],"replies":[{"embeddable":true,"href":"https:\/\/veramunro.com\/index.php?rest_route=%2Fwp%2Fv2%2Fcomments&post=1039"}],"version-history":[{"count":224,"href":"https:\/\/veramunro.com\/index.php?rest_route=\/wp\/v2\/pages\/1039\/revisions"}],"predecessor-version":[{"id":13638,"href":"https:\/\/veramunro.com\/index.php?rest_route=\/wp\/v2\/pages\/1039\/revisions\/13638"}],"wp:attachment":[{"href":"https:\/\/veramunro.com\/index.php?rest_route=%2Fwp%2Fv2%2Fmedia&parent=1039"}],"curies":[{"name":"wp","href":"https:\/\/api.w.org\/{rel}","templated":true}]}}